{"id":385,"date":"2018-10-02T22:22:35","date_gmt":"2018-10-02T22:22:35","guid":{"rendered":"https:\/\/store.actimeat.com\/?page_id=385"},"modified":"2018-10-05T19:52:24","modified_gmt":"2018-10-05T19:52:24","slug":"charte-de-protection-des-donnees-personnelles","status":"publish","type":"page","link":"https:\/\/store.actimeat.com\/fr\/charte-de-protection-des-donnees-personnelles\/","title":{"rendered":"Charte de protection des donn\u00e9es personnelles"},"content":{"rendered":"<p class=\"txt-description-produit\"><u>CHARTE DE PROTECTION DES DONNEES PERSONNELLES<\/u><\/p>\n<p class=\"txt-description-produit\"><u>\u00a0<\/u><\/p>\n<p class=\"txt-description-produit\">La soci\u00e9t\u00e9 ACTIMEAT, SAS immatricul\u00e9e sous le num\u00e9ro 322\u00a0667\u00a0585 au RCS de Manosque, attache une grande importance \u00e0 la protection de vos donn\u00e9es personnelles et veille attentivement au respect des dispositions protectrices relatives au traitement des donn\u00e9es \u00e0 caract\u00e8re personnel, en particulier le R\u00e8glement Europ\u00e9en relatif \u00e0 la protection des donn\u00e9es \u00e0 caract\u00e8re personnel et \u00e0 la libre circulation de ces donn\u00e9es(n\u00b0 2016\/679 du 26 avril 2016 dit \u00ab\u00a0RGPD\u00a0\u00bb), etla\u00a0 loi\u00a0\u00ab\u00a0Informatique et Libert\u00e9s\u00a0\u00bb\u00a0 du 6 janvier 1978 modifi\u00e9e en 2004.<\/p>\n<p class=\"txt-description-produit\">La pr\u00e9sente charte de protection des donn\u00e9es a pour objet de d\u00e9crire comment et quand ACTIMEAT en tant que responsable de traitement collecte, utilise et communique certaines donn\u00e9es personnelles (ci-apr\u00e8s les Donn\u00e9es) que vous lui adressez afin de r\u00e9pondre \u00e0 vos besoins mais \u00e9galement afin d\u2019optimiser ou d\u2019am\u00e9liorer la qualit\u00e9 des services que nous proposons.<\/p>\n<p class=\"txt-description-produit\">&nbsp;<\/p>\n<ol>\n<li><strong>Dans quels cas cette charte s\u2019applique-t-elle\u00a0?<\/strong><\/li>\n<\/ol>\n<p class=\"txt-description-produit\">Cette charte vous informe sur les modalit\u00e9s de collecte, de traitement et d\u2019utilisation de vos donn\u00e9es lorsque\u00a0:<\/p>\n<p class=\"txt-description-produit\">Vous achetez un produit aupr\u00e8s d\u2019ACTIMEAT,<\/p>\n<p class=\"txt-description-produit\">Vous visitez le site internet store.actimeat.com ou notre application mobile,<\/p>\n<p class=\"txt-description-produit\">Vous vous abonnez \u00e0 nos actualit\u00e9s (informations, offres promotionnelles),<\/p>\n<p class=\"txt-description-produit\">Vous contactez notre service relation client.<\/p>\n<p class=\"txt-description-produit\">&nbsp;<\/p>\n<ol start=\"2\">\n<li><strong>Quelles donn\u00e9es <\/strong><strong>personnelles<\/strong><strong> recueillons-nous \u00e0 votre sujet ?<\/strong><\/li>\n<\/ol>\n<p class=\"txt-description-produit\">Dans le cadre de la consultation et de l&rsquo;utilisation de notre site store.actimeat.com(ci-apr\u00e8s le \u00ab\u00a0Site\u00a0\u00bb), nous sommes amen\u00e9s \u00e0 collecter un certain nombre de donn\u00e9es personnelles pour organiser au mieux nos relations commerciales et le service que vous attendez ou aux fins de nos int\u00e9r\u00eats l\u00e9gitimes en tant que responsable du traitement\u00a0:<\/p>\n<ul>\n<li>Informations que vous nous transmettez directement<\/li>\n<\/ul>\n<p class=\"txt-description-produit\">&nbsp;<\/p>\n<p class=\"txt-description-produit\">Vous nous transmettez des donn\u00e9es notamment\u00a0:<\/p>\n<ul>\n<li>Lorsque vous cr\u00e9ez un compte,<\/li>\n<li>Lorsque vous achetez un produit ou un service,<\/li>\n<li>Lorsque vous communiquez avec notre service client.<\/li>\n<\/ul>\n<p class=\"txt-description-produit\">&nbsp;<\/p>\n<p class=\"txt-description-produit\">2.2 Les donn\u00e9es collect\u00e9es automatiquement<\/p>\n<p class=\"txt-description-produit\">Lors de votre navigation sur le Site, ACTIMEAT est susceptible de collecter, dans le strict respect de la l\u00e9gislation en vigueur et de vos droits, desdonn\u00e9es relatives\u00a0:<\/p>\n<ul>\n<li>\u00c0 votre parcours de navigation et \u00e0 vos interactions avec le contenu du site, tels que les pages visit\u00e9es, les mots cl\u00e9s de recherche utilis\u00e9es,<\/li>\n<li>Les donn\u00e9es personnelles que vous fournissez dans le cadre de la correspondance, des avis, du chat et du r\u00e8glement des diff\u00e9rends.<\/li>\n<\/ul>\n<p class=\"txt-description-produit\">&nbsp;<\/p>\n<p class=\"txt-description-produit\">2.3 Les donn\u00e9es provenant d\u2019autres sources<\/p>\n<p class=\"txt-description-produit\">Des donn\u00e9es provenant de nos partenaires commerciaux\u00a0:<\/p>\n<ul>\n<li>En cas de prospection par e-mail vers des prospects n&rsquo;ayant pas eu de relation commerciale pr\u00e9alable avec ACTIMEAT, nous nous assurons que les bases de donn\u00e9es d&rsquo;adresses e-mail ont \u00e9t\u00e9 collect\u00e9es loyalement et l\u00e9galement, c&rsquo;est \u00e0 dire avec une information pr\u00e9alable sur la possibilit\u00e9 d&rsquo;une \u00e9ventuelle cession \u00e0 des tiers et un droit de s&rsquo;y opposer par simple clic.<\/li>\n<\/ul>\n<p class=\"txt-description-produit\">&nbsp;<\/p>\n<ol start=\"3\">\n<li><strong>Quelles sont les finalit\u00e9s de cette collecte ?<\/strong><\/li>\n<\/ol>\n<p class=\"txt-description-produit\">De fa\u00e7on plus d\u00e9taill\u00e9e, nous traitons vos donn\u00e9es personnelles aux fins suivantes :<\/p>\n<ol>\n<li>a) Nous traitons vos donn\u00e9es personnelles pour l\u2019ex\u00e9cution et le suivi administratif de vos commandes.<\/li>\n<li>b) Nous traitons vos donn\u00e9es personnelles dans le cadre de la relation commerciale qui nous lie et afin de vous proposer des offres commerciales r\u00e9pondant \u00e0 vos besoins ou pour vous fournir et partager des informations sur nos activit\u00e9s.<\/li>\n<li>c) Nous traitons vos donn\u00e9es personnelles dans le cadre de l\u2019am\u00e9lioration de la qualit\u00e9 de nos services, processus et syst\u00e8mes.<\/li>\n<\/ol>\n<p class=\"txt-description-produit\">Dans nos envois par e-mail, nous pr\u00e9cisons clairement dans l&rsquo;objet du message, qui appara\u00eet dans la bo\u00eete aux lettres \u00e9lectronique, l&rsquo;identit\u00e9, la marque ActiMeat ou la nature commerciale de notre proposition. Vous pouvez \u00e0 tout moment vous opposez aux communications commerciales d\u2019ACTIMEAT (en cliquant sur le lien de d\u00e9sinscription, ou en suivant la proc\u00e9dure d\u2019opposition indiqu\u00e9e sur ces communications).<\/p>\n<p class=\"txt-description-produit\">&nbsp;<\/p>\n<ol start=\"4\">\n<li><strong>Sur quelles bases juridiques fondons-nous le traitement de vos donn\u00e9es personnelles\u00a0?<\/strong><\/li>\n<\/ol>\n<p class=\"txt-description-produit\">Pour \u00eatre conforme \u00e0 la r\u00e9glementation en vigueur, chaque traitement des donn\u00e9es personnelles doit \u00eatre fond\u00e9 sur une base juridique comme indiqu\u00e9 dans le R\u00e8glement g\u00e9n\u00e9ral sur la protection des donn\u00e9es dit \u00ab RGPD \u00bb.<\/p>\n<p class=\"txt-description-produit\">Nous traitons les donn\u00e9es personnelles associ\u00e9es pour les quatre raisons l\u00e9gales suivantes :<\/p>\n<ol>\n<li>L\u2019ex\u00e9cution d&rsquo;un contrat avec vous\u00a0:<\/li>\n<\/ol>\n<p class=\"txt-description-produit\">Nous utilisons vos donn\u00e9es personnelles pour le traitement n\u00e9cessaire \u00e0 l&rsquo;ex\u00e9cution de notre contrat de service avec vous. Sans de telles donn\u00e9es, nous ne serions pas en mesure de remplir notre part du contrat.<\/p>\n<ol>\n<li>Le respect d\u2019une obligation l\u00e9gale\u00a0:<\/li>\n<\/ol>\n<p class=\"txt-description-produit\">Nous sommes l\u00e9galement tenus de traiter et conserver certaines de vos donn\u00e9es personnelles afin de respecter les obligations fiscales, comptables et autres ou de nous d\u00e9fendre dans l\u2019hypoth\u00e8se de poursuites judiciaires.<\/p>\n<ol>\n<li>Les int\u00e9r\u00eats l\u00e9gitimes que nous poursuivons\u00a0:<\/li>\n<\/ol>\n<p class=\"txt-description-produit\">Nous utilisons vos donn\u00e9es personnelles pour les int\u00e9r\u00eats l\u00e9gitimes suivants :<\/p>\n<p class=\"txt-description-produit\">&#8211; pour \u00eatre en mesure de maintenir une relation durable avec vous en tant que client et de vous offrir des produits et services adapt\u00e9s (par exemple, le marketing direct),<br \/>\n&#8211; pour \u00eatre capables de d\u00e9tecter les fraudes et les incidents li\u00e9s \u00e0 la s\u00e9curit\u00e9 sur notre site Web,<br \/>\n&#8211; pour nous d\u00e9fendre dans les proc\u00e9dures judiciaires,<\/p>\n<p class=\"txt-description-produit\">&#8211; pour am\u00e9liorer l&rsquo;efficacit\u00e9 de notre service par l&rsquo;analyse statistique.<\/p>\n<ol>\n<li>Le recueil de votre consentement\u00a0:<\/li>\n<\/ol>\n<p class=\"txt-description-produit\">Dans le cadre du traitement de donn\u00e9es personnelles, nous recueillons votre consentement pr\u00e9alable et expr\u00e8s, sans ambig\u00fcit\u00e9, au traitement de vos Donn\u00e9es pour l\u2019une des finalit\u00e9s vis\u00e9es \u00e0 l\u2019article 3.<\/p>\n<p class=\"txt-description-produit\">Notez que vous pouvez toujours retirer votre consentement. La proc\u00e9dure vous est expliqu\u00e9e sous le titre \u00ab\u00a07. Pouvez-vous retirer votre consentement ?\u00a0\u00bb.<\/p>\n<p class=\"txt-description-produit\">&nbsp;<\/p>\n<ol start=\"5\">\n<li><strong>\u00c0 qui communiquons-nous vos donn\u00e9es personnelles ?<\/strong><\/li>\n<\/ol>\n<p class=\"txt-description-produit\">Nous pourrons partager vos donn\u00e9es avec diff\u00e9rents tiers\u00a0:<\/p>\n<p class=\"txt-description-produit\">Nous avons confi\u00e9 certaines prestations techniques (h\u00e9bergement, maintenance&#8230;), marketing ou logistiques \u00e0 des soci\u00e9t\u00e9s tierces. Ces prestataires re\u00e7oivent exclusivement les donn\u00e9es n\u00e9cessaires \u00e0 leur mission.<\/p>\n<p class=\"txt-description-produit\">Nous nous assurons aupr\u00e8s de nos prestataires des conditions de s\u00e9curit\u00e9 et de confidentialit\u00e9 de l&rsquo;utilisation des donn\u00e9es transmises.<\/p>\n<p class=\"txt-description-produit\">&nbsp;<\/p>\n<ol start=\"6\">\n<li><strong>Comment pouvez-vous exercer vos droits \u00e0 la confidentialit\u00e9 ?<\/strong><\/li>\n<\/ol>\n<p class=\"txt-description-produit\">\u00c0 tout moment, vous pouvez demander l&rsquo;acc\u00e8s, la rectification ou la suppression de vos donn\u00e9es personnelles ou vous opposer au marketing direct et au profilage. En outre, dans certains cas, vous pouvez \u00e9galement disposer d&rsquo;un droit de restriction du traitement de vos donn\u00e9es personnelles, d&rsquo;un droit d&rsquo;opposition au traitement ainsi que d&rsquo;un droit \u00e0 la portabilit\u00e9 des donn\u00e9es personnelles. Veuillez nous contacter par le biais des coordonn\u00e9es figurant au bas de la pr\u00e9sente Charte des donn\u00e9es.<\/p>\n<p class=\"txt-description-produit\">Aux fins de v\u00e9rification de votre identit\u00e9, nous nous r\u00e9servons le droit de vous demander des informations suppl\u00e9mentaires.<\/p>\n<p class=\"txt-description-produit\">&nbsp;<\/p>\n<ol start=\"7\">\n<li><strong>Pouvez-vous retirer votre consentement ?<\/strong><\/li>\n<\/ol>\n<p class=\"txt-description-produit\">Une fois donn\u00e9, vous avez toujours la possibilit\u00e9 de retirer votre consentement. A cet effet, veuillez nous contacter par le biais des coordonn\u00e9es figurant au bas de la pr\u00e9sente charte.<\/p>\n<p class=\"txt-description-produit\">&nbsp;<\/p>\n<ol start=\"8\">\n<li><strong>Combien de temps les donn\u00e9es sont-elles conserv\u00e9es ?<\/strong><\/li>\n<\/ol>\n<p class=\"txt-description-produit\">Les donn\u00e9es personnelles vous concernant ne sont pas conserv\u00e9es au-del\u00e0 de la dur\u00e9e strictement n\u00e9cessaire aux finalit\u00e9s poursuivies telles que d\u00e9crites ci-dessus.<br \/>\nAinsi, les donn\u00e9es professionnelles vous concernant et permettant \u00e0 notre entreprise de g\u00e9rer nos relations avec les entreprises clientes d\u2019ActiMeat sont conserv\u00e9es pendant le temps de la relation commerciale et sont conserv\u00e9es \u00e0 des fins commerciales, au maximum pendant la dur\u00e9e de la prescription l\u00e9gale applicable.<\/p>\n<p class=\"txt-description-produit\">De m\u00eame, les donn\u00e9es professionnelles vous concernant et portant sur la gestion de vos commandes, des livraisons de nos produits, de la facturation, de la comptabilit\u00e9 de votre compte client sont conserv\u00e9es pendant la dur\u00e9e de la prescription l\u00e9gale applicable.<\/p>\n<p class=\"txt-description-produit\">Notre entreprise s&rsquo;engage \u00e0 archiver ou \u00e0 supprimer les donn\u00e9es personnelles vous concernant d\u00e8s que la finalit\u00e9 et la dur\u00e9e l\u00e9gale maximale de leur conservation expirent.<\/p>\n<p class=\"txt-description-produit\">&nbsp;<\/p>\n<ol start=\"9\">\n<li><strong>Les donn\u00e9es sont-elles s\u00e9curis\u00e9es\u00a0?<\/strong><\/li>\n<\/ol>\n<p class=\"txt-description-produit\">Nous nous sommes engag\u00e9s \u00e0 assurer la s\u00e9curit\u00e9 et la confidentialit\u00e9 des donn\u00e9es \u00e0 caract\u00e8re personnel adapt\u00e9es aux risques du traitement et \u00e0 la nature de vos donn\u00e9es personnelles, gr\u00e2ce \u00e0 des mesures techniques et organisationnelles strictes au sein de notre entreprise. Pour les donn\u00e9es collect\u00e9es \u00ab\u00a0en ligne\u00a0\u00bb, nous utilisons le protocole de cryptage SSL qui vous garantit un haut niveau de protection.<\/p>\n<p class=\"txt-description-produit\">&nbsp;<\/p>\n<ol start=\"10\">\n<li><strong>\u00cates-vous oblig\u00e9 de nous fournir vos donn\u00e9es personnelles et quelles sont les cons\u00e9quences si vous ne le faites pas ?<\/strong><\/li>\n<\/ol>\n<p class=\"txt-description-produit\">Dans certains cas, la communication de vos donn\u00e9es personnelles nous est n\u00e9cessaire par exemple, pour la conclusion d\u2019un contrat ou pour vous fournir un produit et\/ou un service. Les champs d&rsquo;informations qui ne sont pas marqu\u00e9s d&rsquo;un * sont facultatifs. Si vous ne nous communiquez pas les informations n\u00e9cessaires (marqu\u00e9es d&rsquo;un *), nous ne serons pas en mesure de r\u00e9pondre \u00e0 votre demande.<\/p>\n<p class=\"txt-description-produit\">&nbsp;<\/p>\n<ol start=\"11\">\n<li><strong>Utilisons-nous des techniques de profilage ou faisons-nous appel \u00e0 des d\u00e9cisions automatis\u00e9es ?<\/strong><\/li>\n<\/ol>\n<p class=\"txt-description-produit\">Afin de vous contacter de mani\u00e8re personnelle et pertinente, nous analysons certaines de vos donn\u00e9es afin de d\u00e9terminer les groupes cibles et les segments, le contenu, les publicit\u00e9s, les informations, les moments et les canaux les plus pertinents.<\/p>\n<p class=\"txt-description-produit\">&nbsp;<\/p>\n<ol start=\"12\">\n<li><strong>Comment pouvez-vous nous contacter ?<\/strong><\/li>\n<\/ol>\n<p class=\"txt-description-produit\">Pour toutes questions concernant vos donn\u00e9es personnelles, veuillez nous contacter :<\/p>\n<ul>\n<li>soit par email \u00e0\u00a0store@actimeat.com<\/li>\n<li>soit par courrier : ActiMeat \u2013 Site internet &#8211; F11.ZI Saint Maurice|04100 Manosque \u2013France<\/li>\n<\/ul>\n<p class=\"txt-description-produit\">&nbsp;<\/p>\n<ol start=\"13\">\n<li><strong>Quand la pr\u00e9sente Charte des donn\u00e9es a-t-elle \u00e9t\u00e9 modifi\u00e9e pour la derni\u00e8re fois ?<\/strong><\/li>\n<\/ol>\n<p class=\"txt-description-produit\">La pr\u00e9sente Charte des donn\u00e9es s&rsquo;applique \u00e0 partir du 15 septembre 2018.<\/p>\n<p class=\"txt-description-produit\">&nbsp;<\/p>\n<p class=\"txt-description-produit\">&nbsp;<\/p>\n","protected":false},"excerpt":{"rendered":"<p>CHARTE DE PROTECTION DES DONNEES PERSONNELLES \u00a0 La soci\u00e9t\u00e9 ACTIMEAT, SAS immatricul\u00e9e sous le num\u00e9ro 322\u00a0667\u00a0585 au RCS de Manosque, [&hellip;]<\/p>\n","protected":false},"author":10,"featured_media":0,"parent":0,"menu_order":0,"comment_status":"closed","ping_status":"closed","template":"template-defaut.php","meta":{"_mi_skip_tracking":false,"_exactmetrics_sitenote_active":false,"_exactmetrics_sitenote_note":"","_exactmetrics_sitenote_category":0,"spay_email":""},"categories":[],"acf":[],"yoast_head":"<!-- This site is optimized with the Yoast SEO plugin v18.1 - https:\/\/yoast.com\/wordpress\/plugins\/seo\/ -->\n<title>Charte de protection des donn\u00e9es personnelles - Actimeat<\/title>\n<meta name=\"robots\" content=\"index, follow, max-snippet:-1, max-image-preview:large, max-video-preview:-1\" \/>\n<link rel=\"canonical\" href=\"https:\/\/store.actimeat.com\/fr\/charte-de-protection-des-donnees-personnelles\/\" \/>\n<meta property=\"og:locale\" content=\"fr_FR\" \/>\n<meta property=\"og:type\" content=\"article\" \/>\n<meta property=\"og:title\" content=\"Charte de protection des donn\u00e9es personnelles - Actimeat\" \/>\n<meta property=\"og:description\" content=\"CHARTE DE PROTECTION DES DONNEES PERSONNELLES \u00a0 La soci\u00e9t\u00e9 ACTIMEAT, SAS immatricul\u00e9e sous le num\u00e9ro 322\u00a0667\u00a0585 au RCS de Manosque, [&hellip;]\" \/>\n<meta property=\"og:url\" content=\"https:\/\/store.actimeat.com\/fr\/charte-de-protection-des-donnees-personnelles\/\" \/>\n<meta property=\"og:site_name\" content=\"Actimeat\" \/>\n<meta property=\"article:modified_time\" content=\"2018-10-05T19:52:24+00:00\" \/>\n<meta name=\"twitter:card\" content=\"summary_large_image\" \/>\n<meta name=\"twitter:label1\" content=\"Dur\u00e9e de lecture estim\u00e9e\" \/>\n\t<meta name=\"twitter:data1\" content=\"8 minutes\" \/>\n<script type=\"application\/ld+json\" class=\"yoast-schema-graph\">{\"@context\":\"https:\/\/schema.org\",\"@graph\":[{\"@type\":\"WebSite\",\"@id\":\"https:\/\/store.actimeat.com\/fr\/#website\",\"url\":\"https:\/\/store.actimeat.com\/fr\/\",\"name\":\"Actimeat\",\"description\":\"Actimeat\",\"potentialAction\":[{\"@type\":\"SearchAction\",\"target\":{\"@type\":\"EntryPoint\",\"urlTemplate\":\"https:\/\/store.actimeat.com\/fr\/?s={search_term_string}\"},\"query-input\":\"required name=search_term_string\"}],\"inLanguage\":\"fr-FR\"},{\"@type\":\"WebPage\",\"@id\":\"https:\/\/store.actimeat.com\/fr\/charte-de-protection-des-donnees-personnelles\/#webpage\",\"url\":\"https:\/\/store.actimeat.com\/fr\/charte-de-protection-des-donnees-personnelles\/\",\"name\":\"Charte de protection des donn\u00e9es personnelles - Actimeat\",\"isPartOf\":{\"@id\":\"https:\/\/store.actimeat.com\/fr\/#website\"},\"datePublished\":\"2018-10-02T22:22:35+00:00\",\"dateModified\":\"2018-10-05T19:52:24+00:00\",\"breadcrumb\":{\"@id\":\"https:\/\/store.actimeat.com\/fr\/charte-de-protection-des-donnees-personnelles\/#breadcrumb\"},\"inLanguage\":\"fr-FR\",\"potentialAction\":[{\"@type\":\"ReadAction\",\"target\":[\"https:\/\/store.actimeat.com\/fr\/charte-de-protection-des-donnees-personnelles\/\"]}]},{\"@type\":\"BreadcrumbList\",\"@id\":\"https:\/\/store.actimeat.com\/fr\/charte-de-protection-des-donnees-personnelles\/#breadcrumb\",\"itemListElement\":[{\"@type\":\"ListItem\",\"position\":1,\"name\":\"Accueil\",\"item\":\"https:\/\/store.actimeat.com\/fr\/\"},{\"@type\":\"ListItem\",\"position\":2,\"name\":\"Charte de protection des donn\u00e9es personnelles\"}]}]}<\/script>\n<!-- \/ Yoast SEO plugin. -->","yoast_head_json":{"title":"Charte de protection des donn\u00e9es personnelles - Actimeat","robots":{"index":"index","follow":"follow","max-snippet":"max-snippet:-1","max-image-preview":"max-image-preview:large","max-video-preview":"max-video-preview:-1"},"canonical":"https:\/\/store.actimeat.com\/fr\/charte-de-protection-des-donnees-personnelles\/","og_locale":"fr_FR","og_type":"article","og_title":"Charte de protection des donn\u00e9es personnelles - Actimeat","og_description":"CHARTE DE PROTECTION DES DONNEES PERSONNELLES \u00a0 La soci\u00e9t\u00e9 ACTIMEAT, SAS immatricul\u00e9e sous le num\u00e9ro 322\u00a0667\u00a0585 au RCS de Manosque, [&hellip;]","og_url":"https:\/\/store.actimeat.com\/fr\/charte-de-protection-des-donnees-personnelles\/","og_site_name":"Actimeat","article_modified_time":"2018-10-05T19:52:24+00:00","twitter_card":"summary_large_image","twitter_misc":{"Dur\u00e9e de lecture estim\u00e9e":"8 minutes"},"schema":{"@context":"https:\/\/schema.org","@graph":[{"@type":"WebSite","@id":"https:\/\/store.actimeat.com\/fr\/#website","url":"https:\/\/store.actimeat.com\/fr\/","name":"Actimeat","description":"Actimeat","potentialAction":[{"@type":"SearchAction","target":{"@type":"EntryPoint","urlTemplate":"https:\/\/store.actimeat.com\/fr\/?s={search_term_string}"},"query-input":"required name=search_term_string"}],"inLanguage":"fr-FR"},{"@type":"WebPage","@id":"https:\/\/store.actimeat.com\/fr\/charte-de-protection-des-donnees-personnelles\/#webpage","url":"https:\/\/store.actimeat.com\/fr\/charte-de-protection-des-donnees-personnelles\/","name":"Charte de protection des donn\u00e9es personnelles - Actimeat","isPartOf":{"@id":"https:\/\/store.actimeat.com\/fr\/#website"},"datePublished":"2018-10-02T22:22:35+00:00","dateModified":"2018-10-05T19:52:24+00:00","breadcrumb":{"@id":"https:\/\/store.actimeat.com\/fr\/charte-de-protection-des-donnees-personnelles\/#breadcrumb"},"inLanguage":"fr-FR","potentialAction":[{"@type":"ReadAction","target":["https:\/\/store.actimeat.com\/fr\/charte-de-protection-des-donnees-personnelles\/"]}]},{"@type":"BreadcrumbList","@id":"https:\/\/store.actimeat.com\/fr\/charte-de-protection-des-donnees-personnelles\/#breadcrumb","itemListElement":[{"@type":"ListItem","position":1,"name":"Accueil","item":"https:\/\/store.actimeat.com\/fr\/"},{"@type":"ListItem","position":2,"name":"Charte de protection des donn\u00e9es personnelles"}]}]}},"_links":{"self":[{"href":"https:\/\/store.actimeat.com\/fr\/wp-json\/wp\/v2\/pages\/385"}],"collection":[{"href":"https:\/\/store.actimeat.com\/fr\/wp-json\/wp\/v2\/pages"}],"about":[{"href":"https:\/\/store.actimeat.com\/fr\/wp-json\/wp\/v2\/types\/page"}],"author":[{"embeddable":true,"href":"https:\/\/store.actimeat.com\/fr\/wp-json\/wp\/v2\/users\/10"}],"replies":[{"embeddable":true,"href":"https:\/\/store.actimeat.com\/fr\/wp-json\/wp\/v2\/comments?post=385"}],"version-history":[{"count":0,"href":"https:\/\/store.actimeat.com\/fr\/wp-json\/wp\/v2\/pages\/385\/revisions"}],"wp:attachment":[{"href":"https:\/\/store.actimeat.com\/fr\/wp-json\/wp\/v2\/media?parent=385"}],"wp:term":[{"taxonomy":"category","embeddable":true,"href":"https:\/\/store.actimeat.com\/fr\/wp-json\/wp\/v2\/categories?post=385"}],"curies":[{"name":"wp","href":"https:\/\/api.w.org\/{rel}","templated":true}]}}